{"id":150,"date":"2021-10-08T15:32:51","date_gmt":"2021-10-08T13:32:51","guid":{"rendered":"https:\/\/marcelweber.ch\/?page_id=150"},"modified":"2025-11-07T21:38:54","modified_gmt":"2025-11-07T20:38:54","slug":"arbeiten","status":"publish","type":"page","link":"https:\/\/marcelweber.ch\/en\/","title":{"rendered":"Artwork"},"content":{"rendered":"<section class=\"l-section wpb_row height_small\"><div class=\"l-section-h i-cf\"><div class=\"g-cols vc_row via_grid cols_2 laptops-cols_inherit tablets-cols_inherit mobiles-cols_1 valign_top type_default stacking_default\"><div class=\"wpb_column vc_column_container\"><div class=\"vc_column-inner\"><div class=\"wpb_text_column\"><div class=\"wpb_wrapper\"><p>Welcome to the online gallery of the Swiss painter Marcel Weber from Fribourg. Discover his artistic work rooted in both photorealism and trompe-l&#8217;oeil techniques.<\/p>\n<\/div><\/div><\/div><\/div><div class=\"wpb_column vc_column_container\"><div class=\"vc_column-inner\"><div class=\"wpb_text_column\"><div class=\"wpb_wrapper\"><p>Marcel Weber&#8217;s paintings range from classic still lifes to mood paintings and compositions from the fields of technology and industry. In the studio of the artist painter free compositions and paintings on commission.<\/p>\n<\/div><\/div><\/div><\/div><\/div><\/div><\/section><section class=\"l-section wpb_row height_medium\"><div class=\"l-section-h i-cf\"><div class=\"g-cols vc_row via_grid cols_1 laptops-cols_inherit tablets-cols_inherit mobiles-cols_1 valign_top type_default stacking_default\"><div class=\"wpb_column vc_column_container\"><div class=\"vc_column-inner\"><div class=\"wpb_text_column\"><div class=\"wpb_wrapper\"><h1>Artwork<\/h1>\n<\/div><\/div><div class=\"w-grid type_grid layout_122 cols_4\" id=\"us_grid_1\" style=\"--gap:1.5rem;\" data-filterable=\"true\"><style>@media (max-width:1280px){#us_grid_1 .w-grid-item{width:33.3333%}}@media (max-width:1024px){#us_grid_1 .w-grid-item{width:50%}}@media (max-width:600px){#us_grid_1 .w-grid-list{margin:0}#us_grid_1 .w-grid-item{width:100%;padding:0;margin-bottom:var(--gap,0px)}}.layout_122 .w-grid-item-h{}.layout_122 .usg_vwrapper_1{padding:0.5rem 1rem 1rem 0px!important}.layout_122 .usg_post_title_1{color:#787878!important;text-align:left!important;font-size:14px!important;line-height:1.6!important;margin-top:5!important;margin-bottom:0!important}.layout_122 .usg_post_custom_field_1{line-height:1.6!important;margin-bottom:0!important}.layout_122 .usg_post_content_1{line-height:1.6!important;margin-bottom:0!important}.layout_122 .usg_post_content_2{color:var(--color-content-faded)!important;font-size:0.9rem!important;line-height:1.6!important;margin-top:0.2rem!important;margin-bottom:0.2rem!important}<\/style><div class=\"w-grid-list\">\t<article class=\"w-grid-item size_1x1 post-710 attachment type-attachment status-inherit hentry\" data-id=\"710\">\r\n\t\t<div class=\"w-grid-item-h\">\r\n\t\t\t\t\t\t\t<a ref=\"magnificPopupGrid\" href=\"https:\/\/marcelweber.ch\/wp-content\/uploads\/2025\/11\/mw_ou-est-la-voiture-cherie_2025_96x54.jpg\" class=\"w-grid-item-anchor\" aria-label=\"Marcel Weber, Ou est la voiture, ch\u00e9rie\u00a0?, 2025, \u00d6l auf MDF, 96&#215;54\" title=\"Marcel Weber, Ou est la voiture, ch\u00e9rie\u00a0?, 2025, \u00d6l auf MDF, 96&#215;54\"><\/a>\r\n\t\t\t\t\t\t<div class=\"w-post-elm post_image usg_post_image_1 has_ratio\"><div style=\"padding-bottom:75%\"><\/div><img loading=\"lazy\" decoding=\"async\" width=\"600\" height=\"331\" src=\"https:\/\/marcelweber.ch\/wp-content\/uploads\/2025\/11\/mw_ou-est-la-voiture-cherie_2025_96x54.jpg\" class=\"attachment-large size-large\" alt=\"\" srcset=\"https:\/\/marcelweber.ch\/wp-content\/uploads\/2025\/11\/mw_ou-est-la-voiture-cherie_2025_96x54.jpg 600w, https:\/\/marcelweber.ch\/wp-content\/uploads\/2025\/11\/mw_ou-est-la-voiture-cherie_2025_96x54-300x166.jpg 300w\" sizes=\"auto, (max-width: 600px) 100vw, 600px\" \/><\/div><div class=\"w-vwrapper usg_vwrapper_1 align_left valign_top\"><p class=\"w-post-elm post_title usg_post_title_1 hide_if_not_first has_text_color align_left entry-title color_link_inherit\">Marcel Weber, Ou est la voiture, ch\u00e9rie\u00a0?, 2025, \u00d6l auf MDF, 96&#215;54<\/p><\/div>\t\t<\/div>\r\n\t<\/article>\r\n\t<article class=\"w-grid-item size_1x1 post-707 attachment type-attachment status-inherit hentry\" data-id=\"707\">\r\n\t\t<div class=\"w-grid-item-h\">\r\n\t\t\t\t\t\t\t<a ref=\"magnificPopupGrid\" href=\"https:\/\/marcelweber.ch\/wp-content\/uploads\/2025\/11\/mw_il-y-a-douze-ans_2025_96x52.jpg\" class=\"w-grid-item-anchor\" aria-label=\"Marcel Weber, Il y a douze ans, 2025, \u00d6l auf MDF, 96&#215;52\" title=\"Marcel Weber, Il y a douze ans, 2025, \u00d6l auf MDF, 96&#215;52\"><\/a>\r\n\t\t\t\t\t\t<div class=\"w-post-elm post_image usg_post_image_1 has_ratio\"><div style=\"padding-bottom:75%\"><\/div><img loading=\"lazy\" decoding=\"async\" width=\"600\" height=\"321\" src=\"https:\/\/marcelweber.ch\/wp-content\/uploads\/2025\/11\/mw_il-y-a-douze-ans_2025_96x52.jpg\" class=\"attachment-large size-large\" alt=\"\" srcset=\"https:\/\/marcelweber.ch\/wp-content\/uploads\/2025\/11\/mw_il-y-a-douze-ans_2025_96x52.jpg 600w, https:\/\/marcelweber.ch\/wp-content\/uploads\/2025\/11\/mw_il-y-a-douze-ans_2025_96x52-300x161.jpg 300w\" sizes=\"auto, (max-width: 600px) 100vw, 600px\" \/><\/div><div class=\"w-vwrapper usg_vwrapper_1 align_left valign_top\"><p class=\"w-post-elm post_title usg_post_title_1 hide_if_not_first has_text_color align_left entry-title color_link_inherit\">Marcel Weber, Il y a douze ans, 2025, \u00d6l auf MDF, 96&#215;52<\/p><\/div>\t\t<\/div>\r\n\t<\/article>\r\n\t<article class=\"w-grid-item size_1x1 post-704 attachment type-attachment status-inherit hentry\" data-id=\"704\">\r\n\t\t<div class=\"w-grid-item-h\">\r\n\t\t\t\t\t\t\t<a ref=\"magnificPopupGrid\" href=\"https:\/\/marcelweber.ch\/wp-content\/uploads\/2025\/11\/mw_csx_2025_103x50.jpg\" class=\"w-grid-item-anchor\" aria-label=\"Marcel Weber, CSX, 2025, \u00d6l auf MDF, 103&#215;50\" title=\"Marcel Weber, CSX, 2025, \u00d6l auf MDF, 103&#215;50\"><\/a>\r\n\t\t\t\t\t\t<div class=\"w-post-elm post_image usg_post_image_1 has_ratio\"><div style=\"padding-bottom:75%\"><\/div><img loading=\"lazy\" decoding=\"async\" width=\"600\" height=\"282\" src=\"https:\/\/marcelweber.ch\/wp-content\/uploads\/2025\/11\/mw_csx_2025_103x50.jpg\" class=\"attachment-large size-large\" alt=\"\" srcset=\"https:\/\/marcelweber.ch\/wp-content\/uploads\/2025\/11\/mw_csx_2025_103x50.jpg 600w, https:\/\/marcelweber.ch\/wp-content\/uploads\/2025\/11\/mw_csx_2025_103x50-300x141.jpg 300w\" sizes=\"auto, (max-width: 600px) 100vw, 600px\" \/><\/div><div class=\"w-vwrapper usg_vwrapper_1 align_left valign_top\"><p class=\"w-post-elm post_title usg_post_title_1 hide_if_not_first has_text_color align_left entry-title color_link_inherit\">Marcel Weber, CSX, 2025, \u00d6l auf MDF, 103&#215;50<\/p><\/div>\t\t<\/div>\r\n\t<\/article>\r\n\t<article class=\"w-grid-item size_1x1 post-713 attachment type-attachment status-inherit hentry\" data-id=\"713\">\r\n\t\t<div class=\"w-grid-item-h\">\r\n\t\t\t\t\t\t\t<a ref=\"magnificPopupGrid\" href=\"https:\/\/marcelweber.ch\/wp-content\/uploads\/2025\/11\/mw_strassbourg-ll_2025_95x71.jpg\" class=\"w-grid-item-anchor\" aria-label=\"Marcel Weber, Strassbourg ll , 2025, \u00d6l auf MDF, 95&#215;71\" title=\"Marcel Weber, Strassbourg ll , 2025, \u00d6l auf MDF, 95&#215;71\"><\/a>\r\n\t\t\t\t\t\t<div class=\"w-post-elm post_image usg_post_image_1 has_ratio\"><div style=\"padding-bottom:75%\"><\/div><img loading=\"lazy\" decoding=\"async\" width=\"600\" height=\"444\" src=\"https:\/\/marcelweber.ch\/wp-content\/uploads\/2025\/11\/mw_strassbourg-ll_2025_95x71.jpg\" class=\"attachment-large size-large\" alt=\"\" srcset=\"https:\/\/marcelweber.ch\/wp-content\/uploads\/2025\/11\/mw_strassbourg-ll_2025_95x71.jpg 600w, https:\/\/marcelweber.ch\/wp-content\/uploads\/2025\/11\/mw_strassbourg-ll_2025_95x71-300x222.jpg 300w\" sizes=\"auto, (max-width: 600px) 100vw, 600px\" \/><\/div><div class=\"w-vwrapper usg_vwrapper_1 align_left valign_top\"><p class=\"w-post-elm post_title usg_post_title_1 hide_if_not_first has_text_color align_left entry-title color_link_inherit\">Marcel Weber, Strassbourg ll , 2025, \u00d6l auf MDF, 95&#215;71<\/p><\/div>\t\t<\/div>\r\n\t<\/article>\r\n\t<article class=\"w-grid-item size_1x1 post-682 attachment type-attachment status-inherit hentry\" data-id=\"682\">\r\n\t\t<div class=\"w-grid-item-h\">\r\n\t\t\t\t\t\t\t<a ref=\"magnificPopupGrid\" href=\"https:\/\/marcelweber.ch\/wp-content\/uploads\/2025\/11\/mw_wagon-bleu_2025_120x56.jpg\" class=\"w-grid-item-anchor\" aria-label=\"Marcel Weber, Wagon Bleu, 2025, \u00d6l auf MDF, 120\u00d756\" title=\"Marcel Weber, Wagon Bleu, 2025, \u00d6l auf MDF, 120\u00d756\"><\/a>\r\n\t\t\t\t\t\t<div class=\"w-post-elm post_image usg_post_image_1 has_ratio\"><div style=\"padding-bottom:75%\"><\/div><img loading=\"lazy\" decoding=\"async\" width=\"600\" height=\"291\" src=\"https:\/\/marcelweber.ch\/wp-content\/uploads\/2025\/11\/mw_wagon-bleu_2025_120x56.jpg\" class=\"attachment-large size-large\" alt=\"\" srcset=\"https:\/\/marcelweber.ch\/wp-content\/uploads\/2025\/11\/mw_wagon-bleu_2025_120x56.jpg 600w, https:\/\/marcelweber.ch\/wp-content\/uploads\/2025\/11\/mw_wagon-bleu_2025_120x56-300x146.jpg 300w\" sizes=\"auto, (max-width: 600px) 100vw, 600px\" \/><\/div><div class=\"w-vwrapper usg_vwrapper_1 align_left valign_top\"><p class=\"w-post-elm post_title usg_post_title_1 hide_if_not_first has_text_color align_left entry-title color_link_inherit\">Marcel Weber, Wagon Bleu, 2025, \u00d6l auf MDF, 120\u00d756<\/p><\/div>\t\t<\/div>\r\n\t<\/article>\r\n\t<article class=\"w-grid-item size_1x1 post-679 attachment type-attachment status-inherit hentry\" data-id=\"679\">\r\n\t\t<div class=\"w-grid-item-h\">\r\n\t\t\t\t\t\t\t<a ref=\"magnificPopupGrid\" href=\"https:\/\/marcelweber.ch\/wp-content\/uploads\/2025\/11\/mw_salon-dhelene_2025_88c79.jpg\" class=\"w-grid-item-anchor\" aria-label=\"Marcel Weber, Salon d\u2019H\u00e9l\u00e8ne, 2025, \u00d6l auf MDF, 88c79\" title=\"Marcel Weber, Salon d\u2019H\u00e9l\u00e8ne, 2025, \u00d6l auf MDF, 88c79\"><\/a>\r\n\t\t\t\t\t\t<div class=\"w-post-elm post_image usg_post_image_1 has_ratio\"><div style=\"padding-bottom:75%\"><\/div><img loading=\"lazy\" decoding=\"async\" width=\"600\" height=\"522\" src=\"https:\/\/marcelweber.ch\/wp-content\/uploads\/2025\/11\/mw_salon-dhelene_2025_88c79.jpg\" class=\"attachment-large size-large\" alt=\"\" srcset=\"https:\/\/marcelweber.ch\/wp-content\/uploads\/2025\/11\/mw_salon-dhelene_2025_88c79.jpg 600w, https:\/\/marcelweber.ch\/wp-content\/uploads\/2025\/11\/mw_salon-dhelene_2025_88c79-300x261.jpg 300w\" sizes=\"auto, (max-width: 600px) 100vw, 600px\" \/><\/div><div class=\"w-vwrapper usg_vwrapper_1 align_left valign_top\"><p class=\"w-post-elm post_title usg_post_title_1 hide_if_not_first has_text_color align_left entry-title color_link_inherit\">Marcel Weber, Salon d\u2019H\u00e9l\u00e8ne, 2025, \u00d6l auf MDF, 88c79<\/p><\/div>\t\t<\/div>\r\n\t<\/article>\r\n\t<article class=\"w-grid-item size_1x1 post-673 attachment type-attachment status-inherit hentry\" data-id=\"673\">\r\n\t\t<div class=\"w-grid-item-h\">\r\n\t\t\t\t\t\t\t<a ref=\"magnificPopupGrid\" href=\"https:\/\/marcelweber.ch\/wp-content\/uploads\/2025\/11\/mw_lautobus-dhenry_2025_100x65.jpg\" class=\"w-grid-item-anchor\" aria-label=\"Marcel Weber, L`autobus d`Henry, 2025, \u00d6l auf MDF, 100\u00d765\" title=\"Marcel Weber, L`autobus d`Henry, 2025, \u00d6l auf MDF, 100\u00d765\"><\/a>\r\n\t\t\t\t\t\t<div class=\"w-post-elm post_image usg_post_image_1 has_ratio\"><div style=\"padding-bottom:75%\"><\/div><img loading=\"lazy\" decoding=\"async\" width=\"600\" height=\"385\" src=\"https:\/\/marcelweber.ch\/wp-content\/uploads\/2025\/11\/mw_lautobus-dhenry_2025_100x65.jpg\" class=\"attachment-large size-large\" alt=\"\" srcset=\"https:\/\/marcelweber.ch\/wp-content\/uploads\/2025\/11\/mw_lautobus-dhenry_2025_100x65.jpg 600w, https:\/\/marcelweber.ch\/wp-content\/uploads\/2025\/11\/mw_lautobus-dhenry_2025_100x65-300x193.jpg 300w\" sizes=\"auto, (max-width: 600px) 100vw, 600px\" \/><\/div><div class=\"w-vwrapper usg_vwrapper_1 align_left valign_top\"><p class=\"w-post-elm post_title usg_post_title_1 hide_if_not_first has_text_color align_left entry-title color_link_inherit\">Marcel Weber, L`autobus d`Henry, 2025, \u00d6l auf MDF, 100\u00d765<\/p><\/div>\t\t<\/div>\r\n\t<\/article>\r\n\t<article class=\"w-grid-item size_1x1 post-676 attachment type-attachment status-inherit hentry\" data-id=\"676\">\r\n\t\t<div class=\"w-grid-item-h\">\r\n\t\t\t\t\t\t\t<a ref=\"magnificPopupGrid\" href=\"https:\/\/marcelweber.ch\/wp-content\/uploads\/2025\/11\/mw_plan-deau-benfeld_2025_106x72.jpg\" class=\"w-grid-item-anchor\" aria-label=\"Marcel Weber, Plan d\u2019eau Benfeld, 2025, \u00d6l auf MDF, 106\u00d772\" title=\"Marcel Weber, Plan d\u2019eau Benfeld, 2025, \u00d6l auf MDF, 106\u00d772\"><\/a>\r\n\t\t\t\t\t\t<div class=\"w-post-elm post_image usg_post_image_1 has_ratio\"><div style=\"padding-bottom:75%\"><\/div><img loading=\"lazy\" decoding=\"async\" width=\"600\" height=\"409\" src=\"https:\/\/marcelweber.ch\/wp-content\/uploads\/2025\/11\/mw_plan-deau-benfeld_2025_106x72.jpg\" class=\"attachment-large size-large\" alt=\"\" srcset=\"https:\/\/marcelweber.ch\/wp-content\/uploads\/2025\/11\/mw_plan-deau-benfeld_2025_106x72.jpg 600w, https:\/\/marcelweber.ch\/wp-content\/uploads\/2025\/11\/mw_plan-deau-benfeld_2025_106x72-300x205.jpg 300w\" sizes=\"auto, (max-width: 600px) 100vw, 600px\" \/><\/div><div class=\"w-vwrapper usg_vwrapper_1 align_left valign_top\"><p class=\"w-post-elm post_title usg_post_title_1 hide_if_not_first has_text_color align_left entry-title color_link_inherit\">Marcel Weber, Plan d\u2019eau Benfeld, 2025, \u00d6l auf MDF, 106\u00d772<\/p><\/div>\t\t<\/div>\r\n\t<\/article>\r\n\t<article class=\"w-grid-item size_1x1 post-634 attachment type-attachment status-inherit hentry\" data-id=\"634\">\r\n\t\t<div class=\"w-grid-item-h\">\r\n\t\t\t\t\t\t\t<a ref=\"magnificPopupGrid\" href=\"https:\/\/marcelweber.ch\/wp-content\/uploads\/2024\/11\/mw_rote-lok-ii_2024_93x57.jpg\" class=\"w-grid-item-anchor\" aria-label=\"Marcel Weber, Rote Lok II, 2024, \u00d6l auf Birkenpanel, 93&#215;57\" title=\"Marcel Weber, Rote Lok II, 2024, \u00d6l auf Birkenpanel, 93&#215;57\"><\/a>\r\n\t\t\t\t\t\t<div class=\"w-post-elm post_image usg_post_image_1 has_ratio\"><div style=\"padding-bottom:75%\"><\/div><img loading=\"lazy\" decoding=\"async\" width=\"600\" height=\"363\" src=\"https:\/\/marcelweber.ch\/wp-content\/uploads\/2024\/11\/mw_rote-lok-ii_2024_93x57.jpg\" class=\"attachment-large size-large\" alt=\"\" srcset=\"https:\/\/marcelweber.ch\/wp-content\/uploads\/2024\/11\/mw_rote-lok-ii_2024_93x57.jpg 600w, https:\/\/marcelweber.ch\/wp-content\/uploads\/2024\/11\/mw_rote-lok-ii_2024_93x57-300x182.jpg 300w\" sizes=\"auto, (max-width: 600px) 100vw, 600px\" \/><\/div><div class=\"w-vwrapper usg_vwrapper_1 align_left valign_top\"><p class=\"w-post-elm post_title usg_post_title_1 hide_if_not_first has_text_color align_left entry-title color_link_inherit\">Marcel Weber, Rote Lok II, 2024, \u00d6l auf Birkenpanel, 93&#215;57<\/p><\/div>\t\t<\/div>\r\n\t<\/article>\r\n\t<article class=\"w-grid-item size_1x1 post-628 attachment type-attachment status-inherit hentry\" data-id=\"628\">\r\n\t\t<div class=\"w-grid-item-h\">\r\n\t\t\t\t\t\t\t<a ref=\"magnificPopupGrid\" href=\"https:\/\/marcelweber.ch\/wp-content\/uploads\/2024\/11\/mw_cargo_2024_107x53.jpg\" class=\"w-grid-item-anchor\" aria-label=\"Marcel Weber, Cargo, 2024, \u00d6l auf Birkenpanel, 107&#215;53\" title=\"Marcel Weber, Cargo, 2024, \u00d6l auf Birkenpanel, 107&#215;53\"><\/a>\r\n\t\t\t\t\t\t<div class=\"w-post-elm post_image usg_post_image_1 has_ratio\"><div style=\"padding-bottom:75%\"><\/div><img loading=\"lazy\" decoding=\"async\" width=\"600\" height=\"294\" src=\"https:\/\/marcelweber.ch\/wp-content\/uploads\/2024\/11\/mw_cargo_2024_107x53.jpg\" class=\"attachment-large size-large\" alt=\"\" srcset=\"https:\/\/marcelweber.ch\/wp-content\/uploads\/2024\/11\/mw_cargo_2024_107x53.jpg 600w, https:\/\/marcelweber.ch\/wp-content\/uploads\/2024\/11\/mw_cargo_2024_107x53-300x147.jpg 300w\" sizes=\"auto, (max-width: 600px) 100vw, 600px\" \/><\/div><div class=\"w-vwrapper usg_vwrapper_1 align_left valign_top\"><p class=\"w-post-elm post_title usg_post_title_1 hide_if_not_first has_text_color align_left entry-title color_link_inherit\">Marcel Weber, Cargo, 2024, \u00d6l auf Birkenpanel, 107&#215;53<\/p><\/div>\t\t<\/div>\r\n\t<\/article>\r\n\t<article class=\"w-grid-item size_1x1 post-637 attachment type-attachment status-inherit hentry\" data-id=\"637\">\r\n\t\t<div class=\"w-grid-item-h\">\r\n\t\t\t\t\t\t\t<a ref=\"magnificPopupGrid\" href=\"https:\/\/marcelweber.ch\/wp-content\/uploads\/2024\/11\/mw_wagon-vert_2024_96x51.jpg\" class=\"w-grid-item-anchor\" aria-label=\"Marcel Weber, Wagon vert, 2024, \u00d6l auf Birkenpanel, 96&#215;51\" title=\"Marcel Weber, Wagon vert, 2024, \u00d6l auf Birkenpanel, 96&#215;51\"><\/a>\r\n\t\t\t\t\t\t<div class=\"w-post-elm post_image usg_post_image_1 has_ratio\"><div style=\"padding-bottom:75%\"><\/div><img loading=\"lazy\" decoding=\"async\" width=\"600\" height=\"318\" src=\"https:\/\/marcelweber.ch\/wp-content\/uploads\/2024\/11\/mw_wagon-vert_2024_96x51.jpg\" class=\"attachment-large size-large\" alt=\"\" srcset=\"https:\/\/marcelweber.ch\/wp-content\/uploads\/2024\/11\/mw_wagon-vert_2024_96x51.jpg 600w, https:\/\/marcelweber.ch\/wp-content\/uploads\/2024\/11\/mw_wagon-vert_2024_96x51-300x159.jpg 300w\" sizes=\"auto, (max-width: 600px) 100vw, 600px\" \/><\/div><div class=\"w-vwrapper usg_vwrapper_1 align_left valign_top\"><p class=\"w-post-elm post_title usg_post_title_1 hide_if_not_first has_text_color align_left entry-title color_link_inherit\">Marcel Weber, Wagon vert, 2024, \u00d6l auf Birkenpanel, 96&#215;51<\/p><\/div>\t\t<\/div>\r\n\t<\/article>\r\n\t<article class=\"w-grid-item size_1x1 post-631 attachment type-attachment status-inherit hentry\" data-id=\"631\">\r\n\t\t<div class=\"w-grid-item-h\">\r\n\t\t\t\t\t\t\t<a ref=\"magnificPopupGrid\" href=\"https:\/\/marcelweber.ch\/wp-content\/uploads\/2024\/11\/mw_pafini_2024_96x56.jpg\" class=\"w-grid-item-anchor\" aria-label=\"Marcel Weber, Pafini, 2024, \u00d6l auf Birkenpanel, 96&#215;56\" title=\"Marcel Weber, Pafini, 2024, \u00d6l auf Birkenpanel, 96&#215;56\"><\/a>\r\n\t\t\t\t\t\t<div class=\"w-post-elm post_image usg_post_image_1 has_ratio\"><div style=\"padding-bottom:75%\"><\/div><img loading=\"lazy\" decoding=\"async\" width=\"600\" height=\"350\" src=\"https:\/\/marcelweber.ch\/wp-content\/uploads\/2024\/11\/mw_pafini_2024_96x56.jpg\" class=\"attachment-large size-large\" alt=\"\" srcset=\"https:\/\/marcelweber.ch\/wp-content\/uploads\/2024\/11\/mw_pafini_2024_96x56.jpg 600w, https:\/\/marcelweber.ch\/wp-content\/uploads\/2024\/11\/mw_pafini_2024_96x56-300x175.jpg 300w\" sizes=\"auto, (max-width: 600px) 100vw, 600px\" \/><\/div><div class=\"w-vwrapper usg_vwrapper_1 align_left valign_top\"><p class=\"w-post-elm post_title usg_post_title_1 hide_if_not_first has_text_color align_left entry-title color_link_inherit\">Marcel Weber, Pafini, 2024, \u00d6l auf Birkenpanel, 96&#215;56<\/p><\/div>\t\t<\/div>\r\n\t<\/article>\r\n\t<article class=\"w-grid-item size_1x1 post-491 attachment type-attachment status-inherit hentry\" data-id=\"491\">\r\n\t\t<div class=\"w-grid-item-h\">\r\n\t\t\t\t\t\t\t<a ref=\"magnificPopupGrid\" href=\"https:\/\/marcelweber.ch\/wp-content\/uploads\/2023\/12\/mw_stilleben-mit-zwiebeln_2023_64x57.jpg\" class=\"w-grid-item-anchor\" aria-label=\"Marcel Weber, Stilleben mit Zwiebeln, 2023, \u00d6l auf Birkenpanel, 54&#215;45\" title=\"Marcel Weber, Stilleben mit Zwiebeln, 2023, \u00d6l auf Birkenpanel, 54&#215;45\"><\/a>\r\n\t\t\t\t\t\t<div class=\"w-post-elm post_image usg_post_image_1 has_ratio\"><div style=\"padding-bottom:75%\"><\/div><img loading=\"lazy\" decoding=\"async\" width=\"600\" height=\"497\" src=\"https:\/\/marcelweber.ch\/wp-content\/uploads\/2023\/12\/mw_stilleben-mit-zwiebeln_2023_64x57.jpg\" class=\"attachment-large size-large\" alt=\"\" srcset=\"https:\/\/marcelweber.ch\/wp-content\/uploads\/2023\/12\/mw_stilleben-mit-zwiebeln_2023_64x57.jpg 600w, https:\/\/marcelweber.ch\/wp-content\/uploads\/2023\/12\/mw_stilleben-mit-zwiebeln_2023_64x57-300x249.jpg 300w\" sizes=\"auto, (max-width: 600px) 100vw, 600px\" \/><\/div><div class=\"w-vwrapper usg_vwrapper_1 align_left valign_top\"><p class=\"w-post-elm post_title usg_post_title_1 hide_if_not_first has_text_color align_left entry-title color_link_inherit\">Marcel Weber, Stilleben mit Zwiebeln, 2023, \u00d6l auf Birkenpanel, 54&#215;45<\/p><\/div>\t\t<\/div>\r\n\t<\/article>\r\n\t<article class=\"w-grid-item size_1x1 post-532 attachment type-attachment status-inherit hentry\" data-id=\"532\">\r\n\t\t<div class=\"w-grid-item-h\">\r\n\t\t\t\t\t\t\t<a ref=\"magnificPopupGrid\" href=\"https:\/\/marcelweber.ch\/wp-content\/uploads\/2023\/12\/mw_hermes-standard-6-i_2023_78x42-1.jpg\" class=\"w-grid-item-anchor\" aria-label=\"Marcel Weber, Hermes Standard 6 I, 2023, \u00d6l auf Birkenpanel, 78&#215;42\" title=\"Marcel Weber, Hermes Standard 6 I, 2023, \u00d6l auf Birkenpanel, 78&#215;42\"><\/a>\r\n\t\t\t\t\t\t<div class=\"w-post-elm post_image usg_post_image_1 has_ratio\"><div style=\"padding-bottom:75%\"><\/div><img loading=\"lazy\" decoding=\"async\" width=\"600\" height=\"317\" src=\"https:\/\/marcelweber.ch\/wp-content\/uploads\/2023\/12\/mw_hermes-standard-6-i_2023_78x42-1.jpg\" class=\"attachment-large size-large\" alt=\"\" srcset=\"https:\/\/marcelweber.ch\/wp-content\/uploads\/2023\/12\/mw_hermes-standard-6-i_2023_78x42-1.jpg 600w, https:\/\/marcelweber.ch\/wp-content\/uploads\/2023\/12\/mw_hermes-standard-6-i_2023_78x42-1-300x159.jpg 300w\" sizes=\"auto, (max-width: 600px) 100vw, 600px\" \/><\/div><div class=\"w-vwrapper usg_vwrapper_1 align_left valign_top\"><p class=\"w-post-elm post_title usg_post_title_1 hide_if_not_first has_text_color align_left entry-title color_link_inherit\">Marcel Weber, Hermes Standard 6 I, 2023, \u00d6l auf Birkenpanel, 78&#215;42<\/p><\/div>\t\t<\/div>\r\n\t<\/article>\r\n\t<article class=\"w-grid-item size_1x1 post-226 attachment type-attachment status-inherit hentry\" data-id=\"226\">\r\n\t\t<div class=\"w-grid-item-h\">\r\n\t\t\t\t\t\t\t<a ref=\"magnificPopupGrid\" href=\"https:\/\/marcelweber.ch\/wp-content\/uploads\/2021\/10\/mw_hermes-3000-i_2020_48x49.jpg\" class=\"w-grid-item-anchor\" aria-label=\"Marcel Weber, Hermes 3000 I, 2020, \u00d6l auf Birkenpanel, 48\u00d749\" title=\"Marcel Weber, Hermes 3000 I, 2020, \u00d6l auf Birkenpanel, 48\u00d749\"><\/a>\r\n\t\t\t\t\t\t<div class=\"w-post-elm post_image usg_post_image_1 has_ratio\"><div style=\"padding-bottom:75%\"><\/div><img loading=\"lazy\" decoding=\"async\" width=\"588\" height=\"600\" src=\"https:\/\/marcelweber.ch\/wp-content\/uploads\/2021\/10\/mw_hermes-3000-i_2020_48x49.jpg\" class=\"attachment-large size-large\" alt=\"\" srcset=\"https:\/\/marcelweber.ch\/wp-content\/uploads\/2021\/10\/mw_hermes-3000-i_2020_48x49.jpg 588w, https:\/\/marcelweber.ch\/wp-content\/uploads\/2021\/10\/mw_hermes-3000-i_2020_48x49-294x300.jpg 294w\" sizes=\"auto, (max-width: 588px) 100vw, 588px\" \/><\/div><div class=\"w-vwrapper usg_vwrapper_1 align_left valign_top\"><p class=\"w-post-elm post_title usg_post_title_1 hide_if_not_first has_text_color align_left entry-title color_link_inherit\">Marcel Weber, Hermes 3000 I, 2020, \u00d6l auf Birkenpanel, 48\u00d749<\/p><\/div>\t\t<\/div>\r\n\t<\/article>\r\n\t<article class=\"w-grid-item size_1x1 post-367 attachment type-attachment status-inherit hentry\" data-id=\"367\">\r\n\t\t<div class=\"w-grid-item-h\">\r\n\t\t\t\t\t\t\t<a ref=\"magnificPopupGrid\" href=\"https:\/\/marcelweber.ch\/wp-content\/uploads\/2022\/08\/mw_hermess-ambassador-ii_2022_64x64.jpg\" class=\"w-grid-item-anchor\" aria-label=\"Marcel Weber, Hermes Ambassador II, 2022, \u00d6l auf Birkenpanel, 64&#215;64\" title=\"Marcel Weber, Hermes Ambassador II, 2022, \u00d6l auf Birkenpanel, 64&#215;64\"><\/a>\r\n\t\t\t\t\t\t<div class=\"w-post-elm post_image usg_post_image_1 has_ratio\"><div style=\"padding-bottom:75%\"><\/div><img loading=\"lazy\" decoding=\"async\" width=\"600\" height=\"600\" src=\"https:\/\/marcelweber.ch\/wp-content\/uploads\/2022\/08\/mw_hermess-ambassador-ii_2022_64x64.jpg\" class=\"attachment-large size-large\" alt=\"\" srcset=\"https:\/\/marcelweber.ch\/wp-content\/uploads\/2022\/08\/mw_hermess-ambassador-ii_2022_64x64.jpg 600w, https:\/\/marcelweber.ch\/wp-content\/uploads\/2022\/08\/mw_hermess-ambassador-ii_2022_64x64-300x300.jpg 300w, https:\/\/marcelweber.ch\/wp-content\/uploads\/2022\/08\/mw_hermess-ambassador-ii_2022_64x64-150x150.jpg 150w\" sizes=\"auto, (max-width: 600px) 100vw, 600px\" \/><\/div><div class=\"w-vwrapper usg_vwrapper_1 align_left valign_top\"><p class=\"w-post-elm post_title usg_post_title_1 hide_if_not_first has_text_color align_left entry-title color_link_inherit\">Marcel Weber, Hermes Ambassador II, 2022, \u00d6l auf Birkenpanel, 64&#215;64<\/p><\/div>\t\t<\/div>\r\n\t<\/article>\r\n<\/div><div class=\"w-grid-preloader\">\t<div class=\"g-preloader type_1\">\r\n\t\t<div><\/div>\r\n\t<\/div>\r\n\t<\/div>\t\t\t<div class=\"g-loadmore \">\r\n\t\t\t\t<div class=\"g-preloader type_1\">\r\n\t\t\t\t\t<div><\/div>\r\n\t\t\t\t<\/div>\r\n\t\t\t\t<button class=\"w-btn us-btn-style_1\">\r\n\t\t\t\t\t<span class=\"w-btn-label\">Load More<\/span>\r\n\t\t\t\t<\/button>\r\n\t\t\t<\/div>\r\n\t\t\t\t<div class=\"w-grid-json hidden\" onclick='return {&quot;action&quot;:&quot;us_ajax_grid&quot;,&quot;ajax_url&quot;:&quot;https:\\\/\\\/marcelweber.ch\\\/wp-admin\\\/admin-ajax.php&quot;,&quot;infinite_scroll&quot;:0,&quot;max_num_pages&quot;:5,&quot;pagination&quot;:&quot;ajax&quot;,&quot;template_vars&quot;:{&quot;columns&quot;:&quot;4&quot;,&quot;exclude_items&quot;:&quot;none&quot;,&quot;img_size&quot;:&quot;default&quot;,&quot;ignore_items_size&quot;:0,&quot;items_layout&quot;:&quot;122&quot;,&quot;items_offset&quot;:&quot;1&quot;,&quot;load_animation&quot;:&quot;none&quot;,&quot;overriding_link&quot;:&quot;%7B%22type%22%3A%22popup_image%22%7D&quot;,&quot;post_id&quot;:0,&quot;query_args&quot;:{&quot;post_type&quot;:[&quot;attachment&quot;],&quot;post__in&quot;:[&quot;710&quot;,&quot;707&quot;,&quot;704&quot;,&quot;713&quot;,&quot;682&quot;,&quot;679&quot;,&quot;673&quot;,&quot;676&quot;,&quot;634&quot;,&quot;628&quot;,&quot;637&quot;,&quot;631&quot;,&quot;491&quot;,&quot;532&quot;,&quot;226&quot;,&quot;367&quot;,&quot;236&quot;,&quot;328&quot;,&quot;272&quot;,&quot;544&quot;,&quot;319&quot;,&quot;364&quot;,&quot;244&quot;,&quot;276&quot;,&quot;266&quot;,&quot;268&quot;,&quot;588&quot;,&quot;252&quot;,&quot;541&quot;,&quot;373&quot;,&quot;352&quot;,&quot;349&quot;,&quot;535&quot;,&quot;234&quot;,&quot;280&quot;,&quot;334&quot;,&quot;340&quot;,&quot;538&quot;,&quot;361&quot;,&quot;529&quot;,&quot;346&quot;,&quot;331&quot;,&quot;322&quot;,&quot;282&quot;,&quot;260&quot;,&quot;240&quot;,&quot;218&quot;,&quot;343&quot;,&quot;248&quot;,&quot;270&quot;,&quot;284&quot;,&quot;258&quot;,&quot;256&quot;,&quot;254&quot;,&quot;551&quot;,&quot;262&quot;,&quot;222&quot;,&quot;286&quot;,&quot;220&quot;,&quot;264&quot;,&quot;246&quot;,&quot;242&quot;,&quot;288&quot;,&quot;325&quot;,&quot;274&quot;,&quot;224&quot;,&quot;278&quot;,&quot;548&quot;,&quot;228&quot;,&quot;250&quot;,&quot;230&quot;,&quot;238&quot;,&quot;292&quot;,&quot;290&quot;],&quot;post_status&quot;:&quot;inherit&quot;,&quot;post_mime_type&quot;:&quot;image&quot;,&quot;posts_per_page&quot;:&quot;16&quot;},&quot;orderby_query_args&quot;:{&quot;orderby&quot;:{&quot;post__in&quot;:&quot;ASC&quot;},&quot;order&quot;:&quot;ASC&quot;},&quot;type&quot;:&quot;grid&quot;,&quot;us_grid_ajax_index&quot;:1,&quot;us_grid_filter_params&quot;:[],&quot;us_grid_index&quot;:1,&quot;_us_grid_post_type&quot;:&quot;attachment&quot;,&quot;page_args&quot;:[],&quot;lang&quot;:&quot;en&quot;}}'><\/div>\r\n\t<\/div><\/div><\/div><\/div><\/div><\/section>\n","protected":false},"excerpt":{"rendered":"","protected":false},"author":1,"featured_media":0,"parent":0,"menu_order":0,"comment_status":"closed","ping_status":"open","template":"","meta":{"_seopress_robots_primary_cat":"","footnotes":""},"class_list":["post-150","page","type-page","status-publish","hentry"],"_links":{"self":[{"href":"https:\/\/marcelweber.ch\/en\/wp-json\/wp\/v2\/pages\/150","targetHints":{"allow":["GET"]}}],"collection":[{"href":"https:\/\/marcelweber.ch\/en\/wp-json\/wp\/v2\/pages"}],"about":[{"href":"https:\/\/marcelweber.ch\/en\/wp-json\/wp\/v2\/types\/page"}],"author":[{"embeddable":true,"href":"https:\/\/marcelweber.ch\/en\/wp-json\/wp\/v2\/users\/1"}],"replies":[{"embeddable":true,"href":"https:\/\/marcelweber.ch\/en\/wp-json\/wp\/v2\/comments?post=150"}],"version-history":[{"count":22,"href":"https:\/\/marcelweber.ch\/en\/wp-json\/wp\/v2\/pages\/150\/revisions"}],"predecessor-version":[{"id":717,"href":"https:\/\/marcelweber.ch\/en\/wp-json\/wp\/v2\/pages\/150\/revisions\/717"}],"wp:attachment":[{"href":"https:\/\/marcelweber.ch\/en\/wp-json\/wp\/v2\/media?parent=150"}],"curies":[{"name":"wp","href":"https:\/\/api.w.org\/{rel}","templated":true}]}}